{"id":3436,"date":"2025-07-03T15:26:11","date_gmt":"2025-07-03T15:26:11","guid":{"rendered":"https:\/\/andarserveis.com\/quien-somos\/"},"modified":"2025-08-12T15:08:54","modified_gmt":"2025-08-12T15:08:54","slug":"quien-somos","status":"publish","type":"page","link":"https:\/\/andarserveis.com\/ca\/","title":{"rendered":"QUI SOM?"},"content":{"rendered":"\n<h3 class=\"wp-block-heading\">\u00abLa clau de la teva tranquil\u00b7litat a Andorra.\u00bb<\/h3>\n\n<p>A <strong>Andar Serveis<\/strong> fa anys que<strong> tenim cura <\/strong>de les persones i les seves <strong>llars<\/strong> a Andorra. <\/p>\n\n<p>El nostre objectiu \u00e9s fer-te la vida m\u00e9s f\u00e0cil, amb un <strong>servei proper<\/strong>, <strong>professional<\/strong> i adaptat a les vostres necessitats.<\/p>\n<div class=\"wp-block-image\">\n<figure class=\"alignleft size-full is-resized\"><img decoding=\"async\" width=\"598\" height=\"347\" src=\"https:\/\/andarserveis.com\/wp-content\/uploads\/2023\/05\/personalizado.jpg\" alt=\"\" class=\"wp-image-358\" style=\"width:378px;height:auto\" srcset=\"https:\/\/andarserveis.com\/wp-content\/uploads\/2023\/05\/personalizado.jpg 598w, https:\/\/andarserveis.com\/wp-content\/uploads\/2023\/05\/personalizado-300x174.jpg 300w\" sizes=\"(max-width: 598px) 100vw, 598px\" \/><\/figure><\/div>\n<p class=\"has-text-align-left\"><br\/>Som especialistes en la <strong><em>cura d&#8217;habitatges i segones resid\u00e8ncies<\/em><\/strong>, la <strong>gesti\u00f3 d&#8217;apartaments tur\u00edstics,<\/strong> <strong>enc\u00e0rrecs personalitzats<\/strong>, i<strong> serveis a mida per a residents i visitants<br\/>\u2726 Cust\u00f2dia de claus<\/strong><br\/>\u2726 Anar al domicili a rebre un enc\u00e0rrec<br\/>\u2726 Encendre la calefacci\u00f3<br\/>\u2726 Lliurament de claus a familiars o personal autoritzat<br\/>\u2726 fer i\/o portar la compra<br\/>\u2726 Gesti\u00f3 de serveis (electricitat, calefacci\u00f3, aigua\u2026)<br\/>\u2726 Neteja i manteniment regular<\/p>\n\n<div class=\"wp-block-columns is-layout-flex wp-container-core-columns-is-layout-9d6595d7 wp-block-columns-is-layout-flex\">\n<div class=\"wp-block-column is-layout-flow wp-block-column-is-layout-flow\" style=\"flex-basis:100%\"><\/div>\n<\/div>\n<div class=\"wp-block-image\">\n<figure class=\"alignleft size-full is-resized\"><img decoding=\"async\" width=\"598\" height=\"347\" src=\"https:\/\/andarserveis.com\/wp-content\/uploads\/2023\/05\/ski.jpg\" alt=\"\" class=\"wp-image-277\" style=\"width:378px;height:auto\" srcset=\"https:\/\/andarserveis.com\/wp-content\/uploads\/2023\/05\/ski.jpg 598w, https:\/\/andarserveis.com\/wp-content\/uploads\/2023\/05\/ski-300x174.jpg 300w\" sizes=\"(max-width: 598px) 100vw, 598px\" \/><\/figure><\/div>\n<p class=\"has-text-align-left\">A m\u00e9s, <strong>planifiquem estades completes per als que volen gaudir d&#8217;Andorra sense preocupacions:<\/strong><br\/>\u2726 Trasllats des de\/cap a l&#8217;aeroport<br\/>\u2726 Reserva d&#8217;hotel o allotjament<br\/>\u2726 Activitats de muntanya i natura<br\/>\u2726 Forfets d&#8217;esqu\u00ed<br\/>\u2726 Lloguer de material<br\/>\u2726 Classes amb monitor o guia<br\/>\u2726 Assist\u00e8ncia personalitzada durant tota l&#8217;estada<\/p>\n\n<p><\/p>\n\n<p><\/p>\n\n<p class=\"has-text-align-left\">Treballem amb <strong>comprom\u00eds, confidencialitat i dedicaci\u00f3,<\/strong> perqu\u00e8 sabem que cada persona i cada llar mereixen un tracte \u00fanic.<\/p>\n\n<p class=\"has-text-align-left\"><strong>Andar Serveis <\/strong>\u00e9s aqu\u00ed per ajudar-te a <strong>gaudir d&#8217;Andorra<\/strong> al m\u00e0xim.<\/p>\n\n<p><\/p>\n\n<p class=\"has-text-align-center\"><br\/><strong><em>Tu somia, nosaltres ens encarreguem de la resta.<\/em><\/strong><\/p>\n\n<p><\/p>\n","protected":false},"excerpt":{"rendered":"<p>\u00abLa clau de la teva tranquil\u00b7litat a Andorra.\u00bb A Andar Serveis fa anys que tenim cura de les persones i les seves llars a Andorra. El nostre objectiu \u00e9s fer-te la vida m\u00e9s f\u00e0cil, amb un servei proper, professional i adaptat a les vostres necessitats. Som especialistes en la cura d&#8217;habitatges i segones resid\u00e8ncies, la [&hellip;]<\/p>\n","protected":false},"author":2,"featured_media":0,"parent":0,"menu_order":0,"comment_status":"closed","ping_status":"closed","template":"","meta":{"_seopress_robots_primary_cat":"","_seopress_titles_title":"Qui som? | Andar Serveis - Cuidem persones i llars d'Andorra","_seopress_titles_desc":"A Andar Serveis fa anys que tenim cura de persones, llars i estades a Andorra. Fem la vida m\u00e9s f\u00e0cil amb serveis personalitzats, propers i de confian\u00e7a","_seopress_robots_index":"","inline_featured_image":false,"footnotes":""},"class_list":["post-3436","page","type-page","status-publish","hentry"],"_links":{"self":[{"href":"https:\/\/andarserveis.com\/ca\/wp-json\/wp\/v2\/pages\/3436","targetHints":{"allow":["GET"]}}],"collection":[{"href":"https:\/\/andarserveis.com\/ca\/wp-json\/wp\/v2\/pages"}],"about":[{"href":"https:\/\/andarserveis.com\/ca\/wp-json\/wp\/v2\/types\/page"}],"author":[{"embeddable":true,"href":"https:\/\/andarserveis.com\/ca\/wp-json\/wp\/v2\/users\/2"}],"replies":[{"embeddable":true,"href":"https:\/\/andarserveis.com\/ca\/wp-json\/wp\/v2\/comments?post=3436"}],"version-history":[{"count":18,"href":"https:\/\/andarserveis.com\/ca\/wp-json\/wp\/v2\/pages\/3436\/revisions"}],"predecessor-version":[{"id":4042,"href":"https:\/\/andarserveis.com\/ca\/wp-json\/wp\/v2\/pages\/3436\/revisions\/4042"}],"wp:attachment":[{"href":"https:\/\/andarserveis.com\/ca\/wp-json\/wp\/v2\/media?parent=3436"}],"curies":[{"name":"wp","href":"https:\/\/api.w.org\/{rel}","templated":true}]}}